{"id":863,"date":"2025-04-30T14:48:15","date_gmt":"2025-04-30T12:48:15","guid":{"rendered":"https:\/\/www.simon-bureau.com\/blog\/?post_type=amenagement&#038;p=863"},"modified":"2025-05-07T16:47:40","modified_gmt":"2025-05-07T14:47:40","slug":"espace-coworking-un-amenagement-reussi","status":"publish","type":"amenagement","link":"https:\/\/www.simon-bureau.com\/blog\/amenagement\/espace-coworking-un-amenagement-reussi\/","title":{"rendered":"Espace coworking : un am\u00e9nagement r\u00e9ussi."},"content":{"rendered":"\n<p>Cette exp\u00e9rience confirme l&rsquo;importance d&rsquo;un mobilier pens\u00e9 pour le coworking ou chaque d\u00e9tail participe \u00e0 une bonne productivit\u00e9 et une efficacit\u00e9 collective. Afin de g\u00e9rer un espace collaboratif sur mesure, notre service de direction \u00e0 sugg\u00e9rer, l&rsquo;installation de bureaux face \u00e0 face. En effet, ils sont id\u00e9aux pour cr\u00e9er des environnements innovants, inspirants et fonctionnels.<\/p>\n\n\n\n<p>Ce type de mobilier permet d&rsquo;obtenir une parfaite optimisation d&rsquo;espace, souhait\u00e9 par ce fabricant de transport.<\/p>\n\n\n\n<p>Ces pool de 2 postes s&rsquo;adaptent essentiellement aux espaces de collectivit\u00e9. Ces agencements encouragent la communication, la rationalisation d&rsquo;espace, la flexibilit\u00e9 et la personnalisation.<\/p>\n\n\n\n<h2 class=\"wp-block-heading has-dark-gray-color has-light-gray-background-color has-text-color has-background has-link-color wp-elements-d7db8641010464ac7c394c80f95a61a2\">Quels sont les avantages d&rsquo;une cloison centrale ?<\/h2>\n\n\n\n<p class=\"has-dark-gray-color has-text-color has-link-color wp-elements-7cd66a6f6e9401402d6059ef969651a7\"><strong><em>Une installation rapide<\/em><\/strong><\/p>\n\n\n\n<p>Ces cloisons amovibles d&rsquo;occasion s&rsquo;installent rapidement sans n\u00e9cessit\u00e9 de travaux lourds. Elles peuvent \u00eatre d\u00e9plac\u00e9es ou retir\u00e9es selon vos besoins \u00e9volutifs de l&rsquo;entreprise.<\/p>\n\n\n\n<p class=\"has-dark-gray-color has-text-color has-link-color wp-elements-93ac3dbf9223d85265c94611a28118f0\"><strong><em>Une am\u00e9lioration acoustique<\/em><\/strong><\/p>\n\n\n\n<p>Elles limitent les nuisances sonores sans oublier la confidentialit\u00e9 de chacun. Ces cloisons d&rsquo;occasion favorisent le bien-\u00eatre des salari\u00e9s tout en leur offrant une intimit\u00e9 visuelle et sonore.<\/p>\n\n\n\n<p class=\"has-dark-gray-color has-text-color has-link-color wp-elements-ea629b5416dc2a5e2ecb1d7c6bfb0a81\"><strong><em>Une optimisation d&rsquo;espace<\/em><\/strong><\/p>\n\n\n\n<p>Ces cloisons centrales permettent de multiplier les postes de travail sur une m\u00eame zone. Cet agencement fusionne la concentration, la productivit\u00e9 et la coh\u00e9sion de chaque collaborateur.<\/p>\n\n\n\n<h2 class=\"wp-block-heading has-dark-gray-color has-light-gray-background-color has-text-color has-background has-link-color wp-elements-150779cad3d6d848849cdb07db8113bf\">L&rsquo;association avec les fauteuils Dynamobel<\/h2>\n\n\n\n<p>Associ\u00e9 \u00e0 ces bureaux, notre client \u00e0 souhait\u00e9 int\u00e9grer des fauteuils de travail fabriqu\u00e9 par la marque <strong><em>Dynamobel<\/em><\/strong>. Ces chaises de bureaux renomm\u00e9es <strong><em>Dis<\/em><\/strong> se distinguent par leur sobri\u00e9t\u00e9, leur confort et leur ergonomie.<\/p>\n\n\n\n<p>Le choix de si\u00e8ges Dynamobel contribue au bien-\u00eatre et \u00e0 la sant\u00e9 de leurs salari\u00e9s. De par ses formes et sa l\u00e9g\u00e8ret\u00e9, ces fauteuils en font une pi\u00e8ce unique. Elles se distinguent par leur dossier en r\u00e9sille qui \u00e9pouse la forme de votre morphologie et le confort de son assise m\u00eame lors d&rsquo;une utilisation prolong\u00e9e.<\/p>\n\n\n\n<p>Son soutien lombaire est ajustable en hauteur permettant \u00e0 chacun des utilisateurs de r\u00e9gler son propre maintien.<\/p>\n\n\n\n<p>Dot\u00e9 par ses fonctionnalit\u00e9s compl\u00e9mentaires, ce fauteuil Dynamobel renforce son ergonomie globale.<\/p>\n","protected":false},"excerpt":{"rendered":"<p>Cette exp\u00e9rience confirme l&rsquo;importance d&rsquo;un mobilier pens\u00e9 pour le coworking ou chaque d\u00e9tail participe \u00e0 une bonne productivit\u00e9 et une efficacit\u00e9 collective. Afin de g\u00e9rer un espace collaboratif sur mesure, notre service de direction \u00e0 sugg\u00e9rer, l&rsquo;installation de bureaux face \u00e0 face. En effet, ils sont id\u00e9aux pour cr\u00e9er des environnements innovants, inspirants et fonctionnels. &hellip; <a href=\"https:\/\/www.simon-bureau.com\/blog\/amenagement\/espace-coworking-un-amenagement-reussi\/\" class=\"more-link\">Continuer la lecture de <span class=\"screen-reader-text\">Espace coworking : un am\u00e9nagement r\u00e9ussi.<\/span><\/a><\/p>\n","protected":false},"featured_media":864,"template":"","meta":{"_acf_changed":false},"class_list":["post-863","amenagement","type-amenagement","status-publish","has-post-thumbnail","hentry"],"acf":[],"_links":{"self":[{"href":"https:\/\/www.simon-bureau.com\/blog\/wp-json\/wp\/v2\/amenagement\/863","targetHints":{"allow":["GET"]}}],"collection":[{"href":"https:\/\/www.simon-bureau.com\/blog\/wp-json\/wp\/v2\/amenagement"}],"about":[{"href":"https:\/\/www.simon-bureau.com\/blog\/wp-json\/wp\/v2\/types\/amenagement"}],"wp:featuredmedia":[{"embeddable":true,"href":"https:\/\/www.simon-bureau.com\/blog\/wp-json\/wp\/v2\/media\/864"}],"wp:attachment":[{"href":"https:\/\/www.simon-bureau.com\/blog\/wp-json\/wp\/v2\/media?parent=863"}],"curies":[{"name":"wp","href":"https:\/\/api.w.org\/{rel}","templated":true}]}}