{"id":1055,"date":"2025-10-08T14:43:30","date_gmt":"2025-10-08T12:43:30","guid":{"rendered":"https:\/\/www.simon-bureau.com\/blog\/?post_type=amenagement&#038;p=1055"},"modified":"2025-10-08T14:49:02","modified_gmt":"2025-10-08T12:49:02","slug":"un-espace-dapprentissage-professionnel","status":"publish","type":"amenagement","link":"https:\/\/www.simon-bureau.com\/blog\/amenagement\/un-espace-dapprentissage-professionnel\/","title":{"rendered":"Un espace d&rsquo;apprentissage professionnel"},"content":{"rendered":"\n<h2 class=\"wp-block-heading\"><strong><mark style=\"background-color:#f1f1f1\" class=\"has-inline-color has-dark-gray-color\">Salle polyvalente \u2013 travail d\u2019\u00e9quipe &amp; brainstorming<\/mark><\/strong><\/h2>\n\n\n\n<p>Notre client \u00e0 souhaiter \u00eatre accompagn\u00e9 pour l&rsquo;agencement d&rsquo;une salle de formation et de collectivit\u00e9 au sein de leur entreprise. Nous avons propos\u00e9 des solutions de mobilier fonctionnel, esth\u00e9tiques et durables. Notre expertise repose alors sur la s\u00e9lection rigoureuse de notre mobilier reconditionn\u00e9 professionnel tels que des tables pliantes et des chaises mobiles. Tous nos produits sont choisis pour la qualit\u00e9, la long\u00e9vit\u00e9 et leur adaptabilit\u00e9.<\/p>\n\n\n\n<p>Notre \u00e9quipe a r\u00e9alis\u00e9 cet agencement complet : une salle de formation lumineuse et polyvalente ! Cet espace refl\u00e8te parfaitement notre savoir-faire. Gr\u00e2ce \u00e0 nos tables et nos chaises pliables, la salle peut \u00eatre transform\u00e9e rapidement selon les besoins : un travail en groupe, un atelier collaboratif ou une conf\u00e9rence.<\/p>\n\n\n\n<h2 class=\"wp-block-heading\"><strong><mark style=\"background-color:#f1f1f1\" class=\"has-inline-color has-dark-gray-color\">Un mobilier totalement pliable<\/mark><\/strong><\/h2>\n\n\n\n<p>Notre mobilier doit \u00eatre au service du bien-\u00eatre et de la performance de nos clients. Cet environnement est am\u00e9nag\u00e9 de tables pliantes, de chaises pliables et basculantes con\u00e7ues par la marque <strong><a href=\"https:\/\/www.simon-bureau.com\/p\/chaises-pliantes-tissu-noir\/1247.html\" data-type=\"link\" data-id=\"https:\/\/www.simon-bureau.com\/p\/chaises-pliantes-tissu-noir\/1247.html\">Dauphin.<\/a><\/strong> Cette salle offre alors une modularit\u00e9 totale ! Leurs collaborateurs, formateurs ou visiteurs peuvent reconfigurer cette zone en quelques instants. Cette pi\u00e8ce est pens\u00e9e pour sa polyvalence, sa r\u00e9sistance et sa praticit\u00e9.<\/p>\n\n\n\n<p>Notre \u00e9quipe d&rsquo;experts a accompagn\u00e9 cette soci\u00e9t\u00e9 du conseil \u00e0 la r\u00e9alisation.<\/p>\n\n\n\n<p><\/p>\n","protected":false},"excerpt":{"rendered":"<p>Salle polyvalente \u2013 travail d\u2019\u00e9quipe &amp; brainstorming Notre client \u00e0 souhaiter \u00eatre accompagn\u00e9 pour l&rsquo;agencement d&rsquo;une salle de formation et de collectivit\u00e9 au sein de leur entreprise. Nous avons propos\u00e9 des solutions de mobilier fonctionnel, esth\u00e9tiques et durables. Notre expertise repose alors sur la s\u00e9lection rigoureuse de notre mobilier reconditionn\u00e9 professionnel tels que des tables &hellip; <a href=\"https:\/\/www.simon-bureau.com\/blog\/amenagement\/un-espace-dapprentissage-professionnel\/\" class=\"more-link\">Continuer la lecture de <span class=\"screen-reader-text\">Un espace d&rsquo;apprentissage professionnel<\/span><\/a><\/p>\n","protected":false},"featured_media":1058,"template":"","meta":{"_acf_changed":false},"class_list":["post-1055","amenagement","type-amenagement","status-publish","has-post-thumbnail","hentry"],"acf":[],"_links":{"self":[{"href":"https:\/\/www.simon-bureau.com\/blog\/wp-json\/wp\/v2\/amenagement\/1055","targetHints":{"allow":["GET"]}}],"collection":[{"href":"https:\/\/www.simon-bureau.com\/blog\/wp-json\/wp\/v2\/amenagement"}],"about":[{"href":"https:\/\/www.simon-bureau.com\/blog\/wp-json\/wp\/v2\/types\/amenagement"}],"wp:featuredmedia":[{"embeddable":true,"href":"https:\/\/www.simon-bureau.com\/blog\/wp-json\/wp\/v2\/media\/1058"}],"wp:attachment":[{"href":"https:\/\/www.simon-bureau.com\/blog\/wp-json\/wp\/v2\/media?parent=1055"}],"curies":[{"name":"wp","href":"https:\/\/api.w.org\/{rel}","templated":true}]}}